{"id":32,"date":"2026-08-22T18:49:16","date_gmt":"2026-08-22T18:49:16","guid":{"rendered":"https:\/\/laerte.org\/?page_id=32"},"modified":"2026-08-30T18:55:35","modified_gmt":"2026-08-30T18:55:35","slug":"rgpd","status":"publish","type":"page","link":"https:\/\/laerte.org\/index.php\/rgpd\/","title":{"rendered":"MENTIONS LEGALES"},"content":{"rendered":"\n<h1 class=\"wp-block-heading has-text-align-center has-text-color has-link-color wp-elements-1\" style=\"color:#000000\">MENTIONS LEGALES<\/h1>\n\n\n\n<p class=\"has-text-align-center has-text-color has-link-color wp-elements-2 wp-block-paragraph\" style=\"color:#c99732\">\u2014 \u2726 \u2014<\/p>\n\n\n\n<h2 class=\"wp-block-heading has-text-color has-link-color wp-elements-3\" style=\"color:#071d33\">\u00c9DITEUR DU SITE<\/h2>\n\n\n\n<p class=\"has-text-color has-link-color wp-elements-4 wp-block-paragraph\" style=\"color:#3f4650\">Le pr\u00e9sent site, accessible \u00e0 l\u2019adresse&nbsp;<strong>laerte.org<\/strong>, est \u00e9dit\u00e9 par&nbsp;<strong>LAERTE<\/strong>, structure f\u00e9d\u00e9rative d\u00e9di\u00e9e \u00e0 l\u2019\u00e9tude, \u00e0 la transmission et \u00e0 la mise en valeur des traditions initiatiques, ma\u00e7onniques, templi\u00e8res, martinistes, herm\u00e9tiques et chr\u00e9tiennes.<\/p>\n\n\n\n<p class=\"has-text-color has-link-color wp-elements-5 wp-block-paragraph\" style=\"color:#3f4650\"><strong>Responsable de la publication :<\/strong>\u00a0Henri Raccasi<br><strong>Adresse \u00e9lectronique :<\/strong>\u00a0henricus@laerte.org<br><strong>T\u00e9l\u00e9phone :<\/strong>+33 (0) 663314469<br><strong>Adresse postale \/ si\u00e8ge :<\/strong>14 rue des f\u00e9libres -Caphan &#8211; 13310 Saint MARTIN de CRAU<\/p>\n\n\n\n<h2 class=\"wp-block-heading has-text-color has-link-color wp-elements-6\" style=\"color:#071d33\">H\u00c9BERGEMENT DU SITE<\/h2>\n\n\n\n<p class=\"has-text-color has-link-color wp-elements-7 wp-block-paragraph\" style=\"color:#3f4650\"><strong>Le site laerte.org est h\u00e9berg\u00e9 par :<\/strong><br><strong>o2switch<\/strong><br>Chemin des Pardiaux<br>63000 Clermont-Ferrand \u2014 France<br>T\u00e9l\u00e9phone :&nbsp;<strong>04 44 44 60 40<\/strong><br>Site :&nbsp;<strong><a href=\"http:\/\/www.o2switch.fr\/\">www.o2switch.fr<\/a><\/strong><\/p>\n\n\n\n<h2 class=\"wp-block-heading has-text-color has-link-color wp-elements-8\" style=\"color:#071d33\">PROPRI\u00c9T\u00c9 INTELLECTUELLE<\/h2>\n\n\n\n<p class=\"has-text-color has-link-color wp-elements-9 wp-block-paragraph\" style=\"color:#3f4650\"><strong>L\u2019ensemble des contenus pr\u00e9sents sur le site laerte.org \u2014 textes, photographies, illustrations, graphismes, embl\u00e8mes, logos, documents, publications et \u00e9l\u00e9ments de mise en page \u2014 est prot\u00e9g\u00e9 par les dispositions applicables en mati\u00e8re de propri\u00e9t\u00e9 intellectuelle.<\/strong><\/p>\n\n\n\n<p class=\"has-text-color has-link-color wp-elements-10 wp-block-paragraph\" style=\"color:#3f4650\"><strong>Sauf mention contraire, ces contenus sont la propri\u00e9t\u00e9 de LAERTE ou sont utilis\u00e9s avec l\u2019autorisation de leurs titulaires. Toute reproduction, repr\u00e9sentation, adaptation, modification, diffusion ou utilisation, totale ou partielle, sans autorisation pr\u00e9alable \u00e9crite, est interdite.<\/strong><\/p>\n\n\n\n<p class=\"has-text-color has-link-color wp-elements-11 wp-block-paragraph\" style=\"color:#3f4650\"><strong>Toute utilisation autoris\u00e9e devra respecter l\u2019int\u00e9grit\u00e9 des documents reproduits et mentionner clairement leur origine et leur auteur lorsqu\u2019ils sont identifi\u00e9s.<\/strong><\/p>\n\n\n\n<h2 class=\"wp-block-heading has-text-color has-link-color wp-elements-12\" style=\"color:#071d33\">RESPONSABILIT\u00c9<\/h2>\n\n\n\n<p class=\"has-text-color has-link-color wp-elements-13 wp-block-paragraph\" style=\"color:#3f4650\"><strong>LAERTE s\u2019efforce d\u2019assurer l\u2019exactitude et la mise \u00e0 jour des informations diffus\u00e9es sur le site laerte.org. Toutefois, ces informations sont fournies \u00e0 titre g\u00e9n\u00e9ral et peuvent \u00eatre modifi\u00e9es \u00e0 tout moment, notamment en raison de l\u2019\u00e9volution des activit\u00e9s, des structures ou des contenus pr\u00e9sent\u00e9s.<\/strong><\/p>\n\n\n\n<p class=\"has-text-color has-link-color wp-elements-14 wp-block-paragraph\" style=\"color:#3f4650\"><strong>LAERTE ne saurait \u00eatre tenue responsable des erreurs, omissions, interruptions de service ou dommages r\u00e9sultant de l\u2019utilisation du site ou des informations qui y sont publi\u00e9es.<\/strong><\/p>\n\n\n\n<p class=\"has-text-color has-link-color wp-elements-15 wp-block-paragraph\" style=\"color:#3f4650\"><strong>Les liens hypertextes pouvant renvoyer vers des sites tiers sont propos\u00e9s \u00e0 titre informatif. LAERTE n\u2019exerce aucun contr\u00f4le sur leur contenu et ne saurait \u00eatre tenue responsable des informations, services ou pratiques de ces sites ext\u00e9rieurs.<\/strong><\/p>\n\n\n\n<p class=\"has-text-color has-link-color wp-elements-16 wp-block-paragraph\" style=\"color:#3f4650\"><\/p>\n\n\n\n<h2 class=\"wp-block-heading has-text-color has-link-color wp-elements-17\" style=\"color:#071d33\">DONN\u00c9ES PERSONNELLES ET COOKIES<\/h2>\n\n\n\n<p class=\"wp-block-paragraph\"><strong>Le site laerte.org peut \u00eatre amen\u00e9 \u00e0 collecter certaines donn\u00e9es personnelles, notamment par l\u2019interm\u00e9diaire de formulaires de contact, d\u2019inscription, d\u2019adh\u00e9sion ou de gestion des membres. Ces donn\u00e9es sont trait\u00e9es dans le respect de la r\u00e9glementation applicable en mati\u00e8re de protection des donn\u00e9es personnelles.<\/strong><\/p>\n\n\n\n<p class=\"wp-block-paragraph\"><strong>Les informations collect\u00e9es ne sont utilis\u00e9es que pour les finalit\u00e9s pour lesquelles elles ont \u00e9t\u00e9 recueillies et ne sont pas c\u00e9d\u00e9es \u00e0 des tiers \u00e0 des fins commerciales.<\/strong><\/p>\n\n\n\n<p class=\"wp-block-paragraph\"><strong>Le site peut \u00e9galement utiliser des cookies n\u00e9cessaires \u00e0 son fonctionnement, \u00e0 la s\u00e9curit\u00e9, \u00e0 la mesure d\u2019audience ou \u00e0 l\u2019am\u00e9lioration de l\u2019exp\u00e9rience de navigation.<\/strong><\/p>\n\n\n\n<p class=\"has-text-color has-link-color wp-elements-18 wp-block-paragraph\" style=\"color:#3f4650\"><strong>Pour conna\u00eetre en d\u00e9tail les traitements r\u00e9alis\u00e9s, les dur\u00e9es de conservation, les droits des personnes concern\u00e9es et les modalit\u00e9s d\u2019exercice de ces droits, consultez la page :\u00a0<em><a href=\"https:\/\/laerte.org\/index.php\/protection-des-donnees\/\" data-type=\"page\" data-id=\"30\">Protection des donn\u00e9es<\/a><\/em>.<\/strong><\/p>\n\n\n\n<h2 class=\"wp-block-heading has-text-color has-link-color wp-elements-19\" style=\"color:#071d33\">DROIT APPLICABLE<\/h2>\n\n\n\n<p class=\"has-text-color has-link-color wp-elements-20 wp-block-paragraph\" style=\"color:#3f4650\"><strong>Le pr\u00e9sent site et ses mentions l\u00e9gales sont soumis au droit fran\u00e7ais.<\/strong><\/p>\n\n\n\n<p class=\"has-text-color has-link-color wp-elements-21 wp-block-paragraph\" style=\"color:#3f4650\"><strong>En cas de litige relatif \u00e0 l\u2019utilisation du site laerte.org, les parties s\u2019efforceront de rechercher une solution amiable avant toute action judiciaire. \u00c0 d\u00e9faut d\u2019accord amiable, le litige sera port\u00e9 devant les juridictions comp\u00e9tentes conform\u00e9ment aux r\u00e8gles de droit applicables.<\/strong><\/p>\n\n\n\n<p class=\"wp-block-paragraph\"><\/p>\n","protected":false},"excerpt":{"rendered":"<p>MENTIONS LEGALES \u2014 \u2726 \u2014 \u00c9DITEUR DU SITE Le pr\u00e9sent site, accessible \u00e0 l\u2019adresse&nbsp;laerte.org, est \u00e9dit\u00e9 par&nbsp;LAERTE, structure f\u00e9d\u00e9rative d\u00e9di\u00e9e \u00e0 l\u2019\u00e9tude, \u00e0 la transmission et \u00e0 la mise en&#8230;<\/p>\n","protected":false},"author":1,"featured_media":0,"parent":0,"menu_order":0,"comment_status":"closed","ping_status":"closed","template":"","meta":{"_acf_changed":false,"_kad_post_transparent":"","_kad_post_title":"hide","_kad_post_layout":"","_kad_post_sidebar_id":"","_kad_post_content_style":"","_kad_post_vertical_padding":"","_kad_post_feature":"","_kad_post_feature_position":"","_kad_post_header":false,"_kad_post_footer":false,"_kad_post_classname":"","footnotes":"","_members_access_role":[],"_members_access_error":""},"class_list":["post-32","page","type-page","status-publish","hentry"],"acf":[],"_links":{"self":[{"href":"https:\/\/laerte.org\/index.php\/wp-json\/wp\/v2\/pages\/32","targetHints":{"allow":["GET"]}}],"collection":[{"href":"https:\/\/laerte.org\/index.php\/wp-json\/wp\/v2\/pages"}],"about":[{"href":"https:\/\/laerte.org\/index.php\/wp-json\/wp\/v2\/types\/page"}],"author":[{"embeddable":true,"href":"https:\/\/laerte.org\/index.php\/wp-json\/wp\/v2\/users\/1"}],"replies":[{"embeddable":true,"href":"https:\/\/laerte.org\/index.php\/wp-json\/wp\/v2\/comments?post=32"}],"version-history":[{"count":6,"href":"https:\/\/laerte.org\/index.php\/wp-json\/wp\/v2\/pages\/32\/revisions"}],"predecessor-version":[{"id":324,"href":"https:\/\/laerte.org\/index.php\/wp-json\/wp\/v2\/pages\/32\/revisions\/324"}],"wp:attachment":[{"href":"https:\/\/laerte.org\/index.php\/wp-json\/wp\/v2\/media?parent=32"}],"curies":[{"name":"wp","href":"https:\/\/api.w.org\/{rel}","templated":true}]}}