{"id":16,"date":"2026-08-22T18:46:16","date_gmt":"2026-08-22T18:46:16","guid":{"rendered":"https:\/\/laerte.org\/?page_id=16"},"modified":"2026-08-30T16:06:44","modified_gmt":"2026-08-30T16:06:44","slug":"scrcfa","status":"publish","type":"page","link":"https:\/\/laerte.org\/index.php\/scrcfa\/","title":{"rendered":"SCRCFA"},"content":{"rendered":"\n<div class=\"wp-block-cover\"><img loading=\"lazy\" decoding=\"async\" width=\"1672\" height=\"941\" class=\"wp-block-cover__image-background wp-image-216 size-full\" alt=\"\" src=\"https:\/\/laerte.org\/wp-content\/uploads\/2026\/08\/banniere_SCRCFA_2Mo_max.jpg\" data-object-fit=\"cover\"\/><span aria-hidden=\"true\" class=\"wp-block-cover__background has-background-dim-20 has-background-dim\" style=\"background-color:#6a5f53\"><\/span><div class=\"wp-block-cover__inner-container is-layout-constrained wp-block-cover-is-layout-constrained\">\n<h1 class=\"wp-block-heading has-text-align-center entree-scrcfa-1 has-text-color has-link-color wp-elements-1\" style=\"color:#c99732;font-size:48px\">SCRCFA<\/h1>\n\n\n\n<p class=\"has-text-align-center entree-scrcfa-2 has-text-color has-link-color has-medium-font-size wp-elements-2 wp-block-paragraph\" style=\"color:#f6e8d5\">Supr\u00eame Conseil des Rites Conf\u00e9d\u00e9r\u00e9s de France et pays Alli\u00e9s<\/p>\n\n\n\n<p class=\"has-text-align-center entree-scrcfa-3 has-text-color has-link-color has-small-font-size wp-elements-3 wp-block-paragraph\" style=\"color:#c99732\"><em>Praedium Grand Conseil des Rites Unis \u2014 \u00c9dimbourg 1845<\/em><\/p>\n<\/div><\/div>\n\n\n\n<div class=\"wp-block-group has-background\" style=\"background-color:#f6e8d5\"><div class=\"wp-block-group__inner-container is-layout-constrained wp-block-group-is-layout-constrained\">\n<h2 class=\"wp-block-heading has-text-align-center has-text-color has-link-color wp-elements-4\" style=\"color:#071d33\">CONSERVER \u2022 TRANSMETTRE \u2022 FAIRE VIVRE<\/h2>\n\n\n\n<p class=\"has-text-align-center has-text-color has-link-color has-medium-font-size wp-elements-5 wp-block-paragraph\" style=\"color:#c99732\">\u2014 \u2726 \u2014<\/p>\n<\/div><\/div>\n\n\n\n<p class=\"has-text-align-center has-text-color has-link-color has-medium-font-size wp-elements-6 wp-block-paragraph\" style=\"color:#3f4650\"><strong>Le Supr\u00eame Conseil des Rites Conf\u00e9d\u00e9r\u00e9s de France et pays Alli\u00e9s n\u2019est ni une ob\u00e9dience ma\u00e7onnique ni un ordre. Il constitue une r\u00e9union de Grands Conservateurs de Rites, charg\u00e9s de pr\u00e9server, de transmettre et de faire vivre les traditions initiatiques plac\u00e9es sous leur garde.<\/strong><\/p>\n\n\n\n<p class=\"has-text-align-center has-text-color has-link-color has-medium-font-size wp-elements-7 wp-block-paragraph\" style=\"color:#3f4650\"><strong>Chaque structure \u0153uvrant sous les auspices du SCRCFA conserve son ind\u00e9pendance, son autonomie et sa voie propre. Le Supr\u00eame Conseil veille toutefois \u00e0 la rigueur de la pratique rituelle, au travail symbolique, au perfectionnement moral et spirituel de ses membres ainsi qu\u2019au maintien d\u2019une fraternit\u00e9 sinc\u00e8re, dans le respect de la libert\u00e9 de conscience de chacun.<\/strong><\/p>\n\n\n\n<p class=\"has-text-align-center has-text-color has-link-color has-large-font-size wp-elements-8 wp-block-paragraph\" style=\"color:#c99732\"><em>\u00ab Que le nombre ne soit jamais notre raison d\u2019\u00eatre. \u00bb<\/em><\/p>\n\n\n\n<h2 class=\"wp-block-heading has-text-align-center has-text-color has-link-color wp-elements-9\" style=\"color:#071d33\">RITES ET PUISSANCES MA\u00c7ONNIQUES SOUS LES AUSPICES DU SCRCFA<\/h2>\n\n\n\n<p class=\"has-text-align-center has-text-color has-link-color has-medium-font-size wp-elements-10 wp-block-paragraph\" style=\"color:#c99732\">\u2014 \u2726 \u2014<\/p>\n\n\n\n<div class=\"wp-block-columns is-layout-flex wp-container-core-columns-is-layout-8f761849 wp-block-columns-is-layout-flex\">\n<div class=\"wp-block-column is-layout-flow wp-block-column-is-layout-flow\">\n<figure class=\"wp-block-image size-full\"><a href=\"https:\/\/laerte.org\/index.php\/province-de-bourgogne-regime-ecossais-rectifie\/\"><img loading=\"lazy\" decoding=\"async\" width=\"1254\" height=\"1254\" src=\"https:\/\/laerte.org\/wp-content\/uploads\/2026\/08\/province_bourgogne_RER_moins_2Mo.jpg\" alt=\"\" class=\"wp-image-231\"\/><\/a><\/figure>\n\n\n\n<h3 class=\"wp-block-heading has-text-align-center has-text-color has-link-color wp-elements-11\" style=\"color:#071d33\"><a href=\"https:\/\/laerte.org\/index.php\/province-de-bourgogne-regime-ecossais-rectifie\/\" data-type=\"page\" data-id=\"234\">PROVINCE DE BOURGOGNE<\/a>      Ve PROVINCE de l&rsquo;ORDRE<\/h3>\n\n\n\n<p class=\"has-text-align-center has-text-color has-link-color wp-elements-12 wp-block-paragraph\" style=\"color:#c99732;font-size:16px\">R\u00e9gime \u00c9cossais Rectifi\u00e9<\/p>\n\n\n\n<p class=\"has-text-align-center has-text-color has-link-color has-small-font-size wp-elements-13 wp-block-paragraph\" style=\"color:#3f4650\">La Province de Bourgogne conserve, pratique et transmet le R\u00e9gime \u00c9cossais Rectifi\u00e9. Elle r\u00e9unit ses Grands Prieur\u00e9s, son Grand Directoire National, sa Loge \u00c9cossaise et ses loges symboliques, dans le respect d\u2019une tradition initiatique fond\u00e9e sur la rectitude, la fid\u00e9lit\u00e9 et le perfectionnement int\u00e9rieur.<\/p>\n<\/div>\n\n\n\n<div class=\"wp-block-column is-layout-flow wp-block-column-is-layout-flow\">\n<figure class=\"wp-block-image size-full\"><a href=\"https:\/\/laerte.org\/index.php\/souverain-conseil-de-laigle-royal-rite-ecossais-ancien-et-accepte\/\"><img loading=\"lazy\" decoding=\"async\" width=\"1254\" height=\"1254\" src=\"https:\/\/laerte.org\/wp-content\/uploads\/2026\/08\/souverain_conseil_aigle_royal_2_tetes_moins_2Mo.jpg\" alt=\"\" class=\"wp-image-238\"\/><\/a><\/figure>\n\n\n\n<h3 class=\"wp-block-heading has-text-align-center has-text-color has-link-color wp-elements-14\" style=\"color:#071d33;font-size:24px\">SOUVERAIN CONSEIL  DE L\u2019AIGLE ROYAL<\/h3>\n\n\n\n<p class=\"has-text-align-center has-text-color has-link-color wp-elements-15 wp-block-paragraph\" style=\"color:#c99732;font-size:16px\">Rite \u00c9cossais Ancien et Accept\u00e9-Cerneau<\/p>\n\n\n\n<p class=\"has-text-align-center has-text-color has-link-color has-small-font-size wp-elements-16 wp-block-paragraph\" style=\"color:#3f4650\">Le Souverain Conseil de l\u2019Aigle Royal assure la conservation, la pratique et la transmission du Rite \u00c9cossais Ancien et Accept\u00e9. Il veille au respect de ses degr\u00e9s, de sa discipline initiatique et de son enseignement traditionnel, dans une d\u00e9marche de fid\u00e9lit\u00e9, d\u2019\u00e9tude et d\u2019\u00e9l\u00e9vation de l\u2019\u00eatre.<\/p>\n<\/div>\n\n\n\n<div class=\"wp-block-column is-layout-flow wp-block-column-is-layout-flow\">\n<figure class=\"wp-block-image size-full\"><a href=\"https:\/\/laerte.org\/index.php\/orumm-rite-ancien-et-primitif-de-memphis-misraim\/\"><img loading=\"lazy\" decoding=\"async\" width=\"1254\" height=\"1254\" src=\"https:\/\/laerte.org\/wp-content\/uploads\/2026\/08\/sanctuaire_egyptien_aux_ailes_sacrees_moins_2Mo.jpg\" alt=\"\" class=\"wp-image-246\"\/><\/a><\/figure>\n\n\n\n<h3 class=\"wp-block-heading has-text-align-center has-text-color has-link-color wp-elements-17\" style=\"color:#071d33\"><strong><a href=\"https:\/\/laerte.org\/index.php\/orumm-rite-ancien-et-primitif-de-memphis-misraim\/\" data-type=\"page\" data-id=\"248\">ORDRE DES RITES UNIS DE MEMPHIS ET MISRAIM<\/a><\/strong><\/h3>\n\n\n\n<p class=\"has-text-align-center has-text-color has-link-color wp-elements-18 wp-block-paragraph\" style=\"color:#c99732;font-size:16px\">Ordre des Rites Unis de Memphis et Misra\u00efm<\/p>\n\n\n\n<p class=\"has-text-align-center has-text-color has-link-color has-small-font-size wp-elements-19 wp-block-paragraph\" style=\"color:#3f4650\">L\u2019ORUMM conserve, pratique et transmet le Rite Ancien et Primitif de Memphis-Misra\u00efm. Il r\u00e9unit notamment des puissances ma\u00e7onniques au Congo-Kinshasa, au Cameroun et en Sardaigne, avec leurs loges et leurs Souverains Sanctuaires, dans une tradition symbolique et spirituelle vivante.<\/p>\n<\/div>\n<\/div>\n\n\n\n<div class=\"wp-block-columns is-layout-flex wp-container-core-columns-is-layout-8f761849 wp-block-columns-is-layout-flex\">\n<div class=\"wp-block-column is-layout-flow wp-block-column-is-layout-flow\">\n<figure class=\"wp-block-image size-full\"><a href=\"https:\/\/laerte.org\/index.php\/chapitres-anglo-saxons\/\"><img loading=\"lazy\" decoding=\"async\" width=\"1254\" height=\"1254\" src=\"https:\/\/laerte.org\/wp-content\/uploads\/2026\/08\/embleme_royal_dans_une_cathedrale_bleue_et_doree_moins_2Mo.jpg\" alt=\"\" class=\"wp-image-253\"\/><\/a><\/figure>\n\n\n\n<h3 class=\"wp-block-heading has-text-align-center has-text-color has-link-color wp-elements-20\" style=\"color:#071d33\">LES <a href=\"https:\/\/laerte.org\/index.php\/chapitres-anglo-saxons\/\" data-type=\"page\" data-id=\"255\">CHAPITRES ANGLO-SAXONS<\/a><\/h3>\n\n\n\n<p class=\"has-text-align-center has-text-color has-link-color wp-elements-21 wp-block-paragraph\" style=\"color:#c99732;font-size:16px\">Tradition ma\u00e7onnique anglo-saxonne<\/p>\n\n\n\n<p class=\"has-text-align-center has-text-color has-link-color has-small-font-size wp-elements-22 wp-block-paragraph\" style=\"color:#3f4650\">Les Chapitres Anglo-Saxons assurent la conservation et la transmission des traditions ma\u00e7onniques anglo-saxonnes. Ils veillent au respect de leurs usages, de leur symbolisme et de leur h\u00e9ritage initiatique, dans un esprit de fid\u00e9lit\u00e9 rituelle, de fraternit\u00e9 et d\u2019approfondissement int\u00e9rieur.<\/p>\n<\/div>\n\n\n\n<div class=\"wp-block-column is-layout-flow wp-block-column-is-layout-flow\">\n<figure class=\"wp-block-image size-full\"><a href=\"https:\/\/laerte.org\/index.php\/grand-conseil-de-lordre-francais\/\"><img loading=\"lazy\" decoding=\"async\" width=\"1672\" height=\"941\" src=\"https:\/\/laerte.org\/wp-content\/uploads\/2026\/08\/image_moins_de_2Mo.jpg\" alt=\"\" class=\"wp-image-273\" style=\"aspect-ratio:1;object-fit:cover\"\/><\/a><\/figure>\n\n\n\n<h3 class=\"wp-block-heading has-text-align-center has-text-color has-link-color wp-elements-23\" style=\"color:#071d33\"><a href=\"https:\/\/laerte.org\/index.php\/grand-conseil-de-lordre-francais\/\" data-type=\"page\" data-id=\"275\">GRAND CONSEIL DE L\u2019ORDRE FRAN\u00c7AIS<\/a><\/h3>\n\n\n\n<p class=\"has-text-align-center has-text-color has-link-color wp-elements-24 wp-block-paragraph\" style=\"color:#c99732;font-size:16px\">Tradition ma\u00e7onnique fran\u00e7aise<\/p>\n\n\n\n<p class=\"has-text-align-center has-text-color has-link-color has-small-font-size wp-elements-25 wp-block-paragraph\" style=\"color:#3f4650\">Le Grand Conseil de l\u2019Ordre Fran\u00e7ais conserve, pratique et transmet la tradition ma\u00e7onnique fran\u00e7aise. Il veille \u00e0 pr\u00e9server son identit\u00e9 initiatique, ses formes rituelles et son symbolisme, dans une d\u00e9marche de continuit\u00e9, d\u2019\u00e9tude et de perfectionnement.<\/p>\n<\/div>\n\n\n\n<div class=\"wp-block-column is-layout-flow wp-block-column-is-layout-flow\">\n<figure class=\"wp-block-image size-full\"><a href=\"https:\/\/laerte.org\/index.php\/ordre-martiniste-initiatique\/\"><img loading=\"lazy\" decoding=\"async\" width=\"1448\" height=\"1086\" src=\"https:\/\/laerte.org\/wp-content\/uploads\/2026\/08\/embleme_mystique_dans_un_temple_dore_moins_2Mo.jpg\" alt=\"\" class=\"wp-image-280\" style=\"aspect-ratio:1;object-fit:cover\"\/><\/a><\/figure>\n\n\n\n<h3 class=\"wp-block-heading has-text-align-center has-text-color has-link-color wp-elements-26\" style=\"color:#071d33\"><a href=\"https:\/\/laerte.org\/index.php\/ordre-martiniste-initiatique\/\" data-type=\"page\" data-id=\"283\">ORDRE MARTINISTE INITIATIQUE<\/a><\/h3>\n\n\n\n<p class=\"has-text-align-center has-text-color has-link-color wp-elements-27 wp-block-paragraph\" style=\"color:#c99732;font-size:16px\">Tradition martiniste \u2014 Voie de la R\u00e9int\u00e9gration<\/p>\n\n\n\n<p class=\"has-text-align-center has-text-color has-link-color has-small-font-size wp-elements-28 wp-block-paragraph\" style=\"color:#3f4650\">L\u2019Ordre Martiniste Initiatique transmet une voie int\u00e9rieure fond\u00e9e sur la connaissance de soi, le perfectionnement spirituel et la R\u00e9int\u00e9gration de l\u2019Homme. Il perp\u00e9tue un h\u00e9ritage initiatique centr\u00e9 sur l\u2019\u00e9tude, la pri\u00e8re, l\u2019int\u00e9riorit\u00e9 et la fid\u00e9lit\u00e9 \u00e0 la tradition martiniste.<\/p>\n<\/div>\n<\/div>\n\n\n\n<div class=\"wp-block-columns is-layout-flex wp-container-core-columns-is-layout-8f761849 wp-block-columns-is-layout-flex\">\n<div class=\"wp-block-column is-layout-flow wp-block-column-is-layout-flow\">\n<figure class=\"wp-block-image size-full\"><img loading=\"lazy\" decoding=\"async\" width=\"1024\" height=\"1536\" src=\"https:\/\/laerte.org\/wp-content\/uploads\/2026\/08\/ordre_hermetique_sous_les_etoiles_moins_2Mo-2.jpg\" alt=\"\" class=\"wp-image-289\" style=\"aspect-ratio:1;object-fit:cover\"\/><\/figure>\n\n\n\n<h3 class=\"wp-block-heading has-text-align-center has-text-color has-link-color wp-elements-29\" style=\"color:#071d33\">ORDRE <strong> HERM\u00c9TISTE INITIATIQUE <\/strong><\/h3>\n\n\n\n<p class=\"has-text-align-center has-text-color has-link-color wp-elements-30 wp-block-paragraph\" style=\"color:#c99732;font-size:16px\">Tradition herm\u00e9tique et initiatique<\/p>\n\n\n\n<p class=\"has-text-align-center has-text-color has-link-color has-small-font-size wp-elements-31 wp-block-paragraph\" style=\"color:#3f4650\">L\u2019Ordre Herm\u00e9tiste Initiatique \u00e9tudie et transmet la tradition herm\u00e9tique \u00e0 travers le symbolisme, l\u2019alchimie et les sciences traditionnelles. Il explore les correspondances entre l\u2019Homme, la Nature et le Cosmos dans une d\u00e9marche de connaissance, d\u2019\u00e9quilibre et de transformation int\u00e9rieure.<\/p>\n<\/div>\n\n\n\n<div class=\"wp-block-column is-layout-flow wp-block-column-is-layout-flow\">\n<figure class=\"wp-block-image size-full\"><a href=\"https:\/\/laerte.org\/index.php\/eglise-gnostique-esoterique-des-chevaliers-de-palestine\/\"><img loading=\"lazy\" decoding=\"async\" width=\"1448\" height=\"1086\" src=\"https:\/\/laerte.org\/wp-content\/uploads\/2026\/08\/embleme_gnostique_chevaliers_palestine_moins_2Mo.jpg\" alt=\"\" class=\"wp-image-293\" style=\"aspect-ratio:1;object-fit:cover\"\/><\/a><\/figure>\n\n\n\n<h3 class=\"wp-block-heading has-text-align-center\">\u00c9GLISE GNOSTIQUE \u00c9SOT\u00c9RIQUE <\/h3>\n\n\n\n<p class=\"has-text-align-center has-text-color has-link-color wp-elements-32 wp-block-paragraph\" style=\"color:#c99732;font-size:16px\">Tradition gnostique apostolique<\/p>\n\n\n\n<p class=\"has-text-align-center has-text-color has-link-color has-small-font-size wp-elements-33 wp-block-paragraph\" style=\"color:#3f4650\">L\u2019\u00c9glise Gnostique \u00c9sot\u00e9rique des Chevaliers de Palestine perp\u00e9tue une tradition spirituelle et chr\u00e9tienne fond\u00e9e sur la connaissance int\u00e9rieure. Elle unit \u00e9tude des myst\u00e8res chr\u00e9tiens, foi, fraternit\u00e9 et qu\u00eate de la Lumi\u00e8re dans une d\u00e9marche de transformation et d\u2019\u00e9l\u00e9vation spirituelle.<\/p>\n<\/div>\n\n\n\n<div class=\"wp-block-column is-layout-flow wp-block-column-is-layout-flow\">\n<figure class=\"wp-block-image size-full\"><a href=\"https:\/\/laerte.org\/index.php\/societe-rosicrucienne\/\"><img loading=\"lazy\" decoding=\"async\" width=\"1122\" height=\"1402\" src=\"https:\/\/laerte.org\/wp-content\/uploads\/2026\/08\/sanctuaire_celeste_du_blason_mystique_moins_2Mo.jpg\" alt=\"\" class=\"wp-image-304\" style=\"aspect-ratio:1;object-fit:cover\"\/><\/a><\/figure>\n\n\n\n<h3 class=\"wp-block-heading has-text-align-center has-text-color has-link-color wp-elements-34\" style=\"color:#071d33\"><strong>SOCI\u00c9T\u00c9 RO<\/strong><a href=\"https:\/\/laerte.org\/index.php\/societe-rosicrucienne\/\" data-type=\"page\" data-id=\"307\">SICRUCIENNE<\/a> IN CALEDONIA<\/h3>\n\n\n\n<p class=\"has-text-align-center has-text-color has-link-color wp-elements-35 wp-block-paragraph\" style=\"color:#c99732;font-size:16px\">Tradition rosicrucienne et initiatique<\/p>\n\n\n\n<p class=\"has-text-align-center has-text-color has-link-color has-small-font-size wp-elements-36 wp-block-paragraph\" style=\"color:#3f4650\">La Soci\u00e9t\u00e9 Rosicrucienne \u0153uvre \u00e0 l\u2019\u00e9tude et \u00e0 la transmission de la tradition rosicrucienne. Elle d\u00e9veloppe une d\u00e9marche fond\u00e9e sur la connaissance de soi, le symbolisme et la recherche spirituelle, dans l\u2019approfondissement des rapports entre l\u2019Homme, la Nature et le Divin.<\/p>\n<\/div>\n<\/div>\n\n\n\n<p class=\"wp-block-paragraph\"><\/p>\n","protected":false},"excerpt":{"rendered":"<p>CONSERVER \u2022 TRANSMETTRE \u2022 FAIRE VIVRE \u2014 \u2726 \u2014 Le Supr\u00eame Conseil des Rites Conf\u00e9d\u00e9r\u00e9s de France et pays Alli\u00e9s n\u2019est ni une ob\u00e9dience ma\u00e7onnique ni un ordre. Il constitue&#8230;<\/p>\n","protected":false},"author":1,"featured_media":0,"parent":0,"menu_order":0,"comment_status":"closed","ping_status":"closed","template":"","meta":{"_acf_changed":false,"_kad_post_transparent":"","_kad_post_title":"hide","_kad_post_layout":"","_kad_post_sidebar_id":"","_kad_post_content_style":"","_kad_post_vertical_padding":"","_kad_post_feature":"","_kad_post_feature_position":"","_kad_post_header":false,"_kad_post_footer":false,"_kad_post_classname":"","footnotes":"","_members_access_role":[],"_members_access_error":""},"class_list":["post-16","page","type-page","status-publish","hentry"],"acf":[],"_links":{"self":[{"href":"https:\/\/laerte.org\/index.php\/wp-json\/wp\/v2\/pages\/16","targetHints":{"allow":["GET"]}}],"collection":[{"href":"https:\/\/laerte.org\/index.php\/wp-json\/wp\/v2\/pages"}],"about":[{"href":"https:\/\/laerte.org\/index.php\/wp-json\/wp\/v2\/types\/page"}],"author":[{"embeddable":true,"href":"https:\/\/laerte.org\/index.php\/wp-json\/wp\/v2\/users\/1"}],"replies":[{"embeddable":true,"href":"https:\/\/laerte.org\/index.php\/wp-json\/wp\/v2\/comments?post=16"}],"version-history":[{"count":33,"href":"https:\/\/laerte.org\/index.php\/wp-json\/wp\/v2\/pages\/16\/revisions"}],"predecessor-version":[{"id":316,"href":"https:\/\/laerte.org\/index.php\/wp-json\/wp\/v2\/pages\/16\/revisions\/316"}],"wp:attachment":[{"href":"https:\/\/laerte.org\/index.php\/wp-json\/wp\/v2\/media?parent=16"}],"curies":[{"name":"wp","href":"https:\/\/api.w.org\/{rel}","templated":true}]}}